{"id":5794,"date":"2025-05-30T08:20:01","date_gmt":"2025-05-30T08:20:01","guid":{"rendered":"https:\/\/museocavallinodellagiara.it\/event\/ecoles-en-nature-festival-de-la-biodiversite\/"},"modified":"2025-05-30T08:20:01","modified_gmt":"2025-05-30T08:20:01","slug":"ecoles-en-nature-festival-de-la-biodiversite","status":"publish","type":"tribe_events","link":"https:\/\/museocavallinodellagiara.it\/fr\/event\/ecoles-en-nature-festival-de-la-biodiversite\/","title":{"rendered":"\u00c9coles en nature &#8211; Festival de la biodiversit\u00e9"},"content":{"rendered":"<p data-start=\"172\" data-end=\"228\"><strong data-start=\"172\" data-end=\"228\">06 et 07 juin 2025 | Genoni &#8211; Plateau de Giara<\/strong><\/p>\n<p data-start=\"230\" data-end=\"586\">Deux jours d\u00e9di\u00e9s \u00e0 l&rsquo;environnement, \u00e0 la d\u00e9couverte et \u00e0 l&rsquo;amusement, con\u00e7us pour les enfants de tous \u00e2ges. \u00ab\u00a0Les \u00e9coles dans la nature\u00a0\u00bb est un \u00e9v\u00e9nement sp\u00e9cial qui c\u00e9l\u00e8bre la biodiversit\u00e9 et la valeur de l&rsquo;\u00e9ducation \u00e0 l&rsquo;environnement \u00e0 travers des exp\u00e9riences immersives dans la nature intacte de la Giara, parmi les chevaux sauvages, les anciens volcans et les for\u00eats luxuriantes. <\/p>\n<p data-start=\"588\" data-end=\"909\">Une occasion unique de d\u00e9couvrir la biodiversit\u00e9 dans un cadre extraordinaire, avec des randonn\u00e9es guid\u00e9es, des activit\u00e9s ludo-\u00e9ducatives, des jeux \u00e9cologiques et des spectacles pour toute la famille.<br data-start=\"772\" data-end=\"775\">Une mani\u00e8re simple et attrayante d&rsquo;initier les nouvelles g\u00e9n\u00e9rations au respect de la nature et \u00e0 la connaissance de leur territoire.<\/p>\n<p><strong>Programme de l&rsquo;\u00e9v\u00e9nement<\/strong><\/p>\n<ul>\n<li>8h30 &#8211; D\u00e9part en navette pour le plateau de Giara<\/li>\n<li>9h00 &#8211; D\u00e9but des excursions &#8211; Activit\u00e9s diversifi\u00e9es selon les groupes d \u00ab \u00e2ge :<br \/>\n<strong>\u00c9cole maternelle<\/strong>: Safari en van \u00e0 la recherche des chevaux Giara<br \/>\n<strong>1\u00e8re et 2\u00e8me classes primaires :<\/strong> Petite excursion avec chasse au tr\u00e9sor de la biodiversit\u00e9<br \/>\n<strong>3\u00e8me, 4\u00e8me et 5\u00e8me classes primaires :<\/strong> Promenade th\u00e9matique au volcan Zeppara Manna<br \/>\n<strong>\u00c9cole secondaire :<\/strong> Randonn\u00e9e dans la nature dans les bois jusqu \u00bb \u00e0 Zeppara Manna<\/li>\n<\/ul>\n<p>Retour en van et bus \u00e0 Genoni<\/p>\n<ul>\n<li>11h00 &#8211; Arriv\u00e9e au PARC &#8211; Collation et activit\u00e9s ludiques avec le GLE Grands Jeux<br \/>\nDes visites guid\u00e9es du CEAS et des jeux en bois seront \u00e9galement propos\u00e9es le 07 juin.<\/li>\n<li>12 heures &#8211; Spectacle<span style=\"font-size: 16px;\"> comique et acrobatique pour tous les \u00e2ges<\/span>: <a style=\"font-size: 16px; background-color: #ffffff;\" href=\"https:\/\/www.facebook.com\/Vigliacci\/?locale=it_IT\" target=\"_blank\" rel=\"noopener\">La Ditta Vigliacci<\/a> &#8211; Cirque, com\u00e9die et acrobaties pour tous les \u00e2ges<\/li>\n<li>13.00 &#8211; D\u00e9jeuner social tous ensemble<\/li>\n<\/ul>\n<p><strong>Apr\u00e8s-midi du 06 et 07 juin : activit\u00e9s \u00e9ducatives sur l&rsquo;environnement et jeux en bois<\/strong><\/p>\n<p><strong>Info et contact : 339 16 76 863 &#8211; ceasgenoni@inlandsardinia.it<\/strong><\/p>\n<p>&nbsp;<\/p>\n<p>Gestion et organisation : Association culturelle Lughen\u00e9 &#8211; Giunone Soc Coop<\/p>\n<p>Financ\u00e9 : PNR CULTURE &#8211; M1C3 &#8211; Investissement 2.1 \u00ab\u00a0attractivit\u00e9 des villages<\/p>\n","protected":false},"excerpt":{"rendered":"<p>06 et 07 juin 2025 | Genoni &#8211; Plateau de Giara Deux jours d\u00e9di\u00e9s \u00e0 l&rsquo;environnement, \u00e0 la d\u00e9couverte et \u00e0 l&rsquo;amusement, con\u00e7us pour les enfants de tous \u00e2ges. \u00ab\u00a0Les \u00e9coles dans la nature\u00a0\u00bb est un \u00e9v\u00e9nement sp\u00e9cial qui c\u00e9l\u00e8bre la biodiversit\u00e9 et la valeur de l&rsquo;\u00e9ducation \u00e0 l&rsquo;environnement \u00e0 [&hellip;]<\/p>\n","protected":false},"author":1,"featured_media":5790,"template":"","meta":{"_tribe_events_status":"","_tribe_events_status_reason":"","footnotes":""},"tags":[],"tribe_events_cat":[202],"class_list":["post-5794","tribe_events","type-tribe_events","status-publish","has-post-thumbnail","hentry","tribe_events_cat-eventi-fr","cat_eventi-fr"],"yoast_head":"<!-- This site is optimized with the Yoast SEO plugin v27.1.1 - https:\/\/yoast.com\/product\/yoast-seo-wordpress\/ -->\n<title>\u00c9coles en nature - Festival de la biodiversit\u00e9 - Museo del Cavallino della Giara<\/title>\n<meta name=\"description\" content=\"Deux jours d\u00e9di\u00e9s \u00e0 l&#039;environnement, \u00e0 la d\u00e9couverte et \u00e0 l&#039;amusement, con\u00e7us pour les enfants et les jeunes de tous \u00e2ges.\" \/>\n<meta name=\"robots\" content=\"index, follow, max-snippet:-1, max-image-preview:large, max-video-preview:-1\" \/>\n<link rel=\"canonical\" href=\"https:\/\/museocavallinodellagiara.it\/fr\/event\/ecoles-en-nature-festival-de-la-biodiversite\/\" \/>\n<meta property=\"og:locale\" content=\"fr_FR\" \/>\n<meta property=\"og:type\" content=\"article\" \/>\n<meta property=\"og:title\" content=\"\u00c9coles en nature - Festival de la biodiversit\u00e9 - Museo del Cavallino della Giara\" \/>\n<meta property=\"og:description\" content=\"Deux jours d\u00e9di\u00e9s \u00e0 l&#039;environnement, \u00e0 la d\u00e9couverte et \u00e0 l&#039;amusement, con\u00e7us pour les enfants et les jeunes de tous \u00e2ges.\" \/>\n<meta property=\"og:url\" content=\"https:\/\/museocavallinodellagiara.it\/fr\/event\/ecoles-en-nature-festival-de-la-biodiversite\/\" \/>\n<meta property=\"og:site_name\" content=\"Museo del Cavallino della Giara\" \/>\n<meta property=\"article:publisher\" content=\"https:\/\/business.facebook.com\/parcgenoni\/\" \/>\n<meta property=\"og:image\" content=\"https:\/\/museocavallinodellagiara.it\/wp-content\/uploads\/2025\/05\/locandina-06-giugno-2025-min-1.jpg\" \/>\n\t<meta property=\"og:image:width\" content=\"842\" \/>\n\t<meta property=\"og:image:height\" content=\"1191\" \/>\n\t<meta property=\"og:image:type\" content=\"image\/jpeg\" \/>\n<meta name=\"twitter:card\" content=\"summary_large_image\" \/>\n<meta name=\"twitter:label1\" content=\"Dur\u00e9e de lecture estim\u00e9e\" \/>\n\t<meta name=\"twitter:data1\" content=\"2 minutes\" \/>\n<script type=\"application\/ld+json\" class=\"yoast-schema-graph\">{\"@context\":\"https:\/\/schema.org\",\"@graph\":[{\"@type\":\"WebPage\",\"@id\":\"https:\/\/museocavallinodellagiara.it\/fr\/event\/ecoles-en-nature-festival-de-la-biodiversite\/\",\"url\":\"https:\/\/museocavallinodellagiara.it\/fr\/event\/ecoles-en-nature-festival-de-la-biodiversite\/\",\"name\":\"\u00c9coles en nature - Festival de la biodiversit\u00e9 - Museo del Cavallino della Giara\",\"isPartOf\":{\"@id\":\"https:\/\/museocavallinodellagiara.it\/#website\"},\"primaryImageOfPage\":{\"@id\":\"https:\/\/museocavallinodellagiara.it\/fr\/event\/ecoles-en-nature-festival-de-la-biodiversite\/#primaryimage\"},\"image\":{\"@id\":\"https:\/\/museocavallinodellagiara.it\/fr\/event\/ecoles-en-nature-festival-de-la-biodiversite\/#primaryimage\"},\"thumbnailUrl\":\"https:\/\/museocavallinodellagiara.it\/wp-content\/uploads\/2025\/05\/locandina-06-giugno-2025-min-1.jpg\",\"datePublished\":\"2025-05-30T08:20:01+00:00\",\"description\":\"Deux jours d\u00e9di\u00e9s \u00e0 l'environnement, \u00e0 la d\u00e9couverte et \u00e0 l'amusement, con\u00e7us pour les enfants et les jeunes de tous \u00e2ges.\",\"breadcrumb\":{\"@id\":\"https:\/\/museocavallinodellagiara.it\/fr\/event\/ecoles-en-nature-festival-de-la-biodiversite\/#breadcrumb\"},\"inLanguage\":\"fr-FR\",\"potentialAction\":[{\"@type\":\"ReadAction\",\"target\":[\"https:\/\/museocavallinodellagiara.it\/fr\/event\/ecoles-en-nature-festival-de-la-biodiversite\/\"]}]},{\"@type\":\"ImageObject\",\"inLanguage\":\"fr-FR\",\"@id\":\"https:\/\/museocavallinodellagiara.it\/fr\/event\/ecoles-en-nature-festival-de-la-biodiversite\/#primaryimage\",\"url\":\"https:\/\/museocavallinodellagiara.it\/wp-content\/uploads\/2025\/05\/locandina-06-giugno-2025-min-1.jpg\",\"contentUrl\":\"https:\/\/museocavallinodellagiara.it\/wp-content\/uploads\/2025\/05\/locandina-06-giugno-2025-min-1.jpg\",\"width\":842,\"height\":1191,\"caption\":\"Scuole in Natura - Festa della Biodiversit\u00e0\"},{\"@type\":\"BreadcrumbList\",\"@id\":\"https:\/\/museocavallinodellagiara.it\/fr\/event\/ecoles-en-nature-festival-de-la-biodiversite\/#breadcrumb\",\"itemListElement\":[{\"@type\":\"ListItem\",\"position\":1,\"name\":\"Home\",\"item\":\"https:\/\/museocavallinodellagiara.it\/fr\/\"},{\"@type\":\"ListItem\",\"position\":2,\"name\":\"Eventi\",\"item\":\"https:\/\/museocavallinodellagiara.it\/events\/\"},{\"@type\":\"ListItem\",\"position\":3,\"name\":\"\u00c9coles en nature &#8211; Festival de la biodiversit\u00e9\"}]},{\"@type\":\"WebSite\",\"@id\":\"https:\/\/museocavallinodellagiara.it\/#website\",\"url\":\"https:\/\/museocavallinodellagiara.it\/\",\"name\":\"Museo del Cavallino della Giara\",\"description\":\"Il museo dedicato al cavallo e al Parco della Giara\",\"publisher\":{\"@id\":\"https:\/\/museocavallinodellagiara.it\/#organization\"},\"potentialAction\":[{\"@type\":\"SearchAction\",\"target\":{\"@type\":\"EntryPoint\",\"urlTemplate\":\"https:\/\/museocavallinodellagiara.it\/?s={search_term_string}\"},\"query-input\":{\"@type\":\"PropertyValueSpecification\",\"valueRequired\":true,\"valueName\":\"search_term_string\"}}],\"inLanguage\":\"fr-FR\"},{\"@type\":\"Organization\",\"@id\":\"https:\/\/museocavallinodellagiara.it\/#organization\",\"name\":\"Museo del Cavallino della Giara\",\"url\":\"https:\/\/museocavallinodellagiara.it\/\",\"logo\":{\"@type\":\"ImageObject\",\"inLanguage\":\"fr-FR\",\"@id\":\"https:\/\/museocavallinodellagiara.it\/#\/schema\/logo\/image\/\",\"url\":\"https:\/\/museocavallinodellagiara.it\/wp-content\/uploads\/2018\/01\/logo_cavallino.png\",\"contentUrl\":\"https:\/\/museocavallinodellagiara.it\/wp-content\/uploads\/2018\/01\/logo_cavallino.png\",\"width\":606,\"height\":739,\"caption\":\"Museo del Cavallino della Giara\"},\"image\":{\"@id\":\"https:\/\/museocavallinodellagiara.it\/#\/schema\/logo\/image\/\"},\"sameAs\":[\"https:\/\/business.facebook.com\/parcgenoni\/\",\"https:\/\/www.youtube.com\/user\/ParcGenoni\"]}]}<\/script>\n<!-- \/ Yoast SEO plugin. -->","yoast_head_json":{"title":"\u00c9coles en nature - Festival de la biodiversit\u00e9 - Museo del Cavallino della Giara","description":"Deux jours d\u00e9di\u00e9s \u00e0 l'environnement, \u00e0 la d\u00e9couverte et \u00e0 l'amusement, con\u00e7us pour les enfants et les jeunes de tous \u00e2ges.","robots":{"index":"index","follow":"follow","max-snippet":"max-snippet:-1","max-image-preview":"max-image-preview:large","max-video-preview":"max-video-preview:-1"},"canonical":"https:\/\/museocavallinodellagiara.it\/fr\/event\/ecoles-en-nature-festival-de-la-biodiversite\/","og_locale":"fr_FR","og_type":"article","og_title":"\u00c9coles en nature - Festival de la biodiversit\u00e9 - Museo del Cavallino della Giara","og_description":"Deux jours d\u00e9di\u00e9s \u00e0 l'environnement, \u00e0 la d\u00e9couverte et \u00e0 l'amusement, con\u00e7us pour les enfants et les jeunes de tous \u00e2ges.","og_url":"https:\/\/museocavallinodellagiara.it\/fr\/event\/ecoles-en-nature-festival-de-la-biodiversite\/","og_site_name":"Museo del Cavallino della Giara","article_publisher":"https:\/\/business.facebook.com\/parcgenoni\/","og_image":[{"width":842,"height":1191,"url":"https:\/\/museocavallinodellagiara.it\/wp-content\/uploads\/2025\/05\/locandina-06-giugno-2025-min-1.jpg","type":"image\/jpeg"}],"twitter_card":"summary_large_image","twitter_misc":{"Dur\u00e9e de lecture estim\u00e9e":"2 minutes"},"schema":{"@context":"https:\/\/schema.org","@graph":[{"@type":"WebPage","@id":"https:\/\/museocavallinodellagiara.it\/fr\/event\/ecoles-en-nature-festival-de-la-biodiversite\/","url":"https:\/\/museocavallinodellagiara.it\/fr\/event\/ecoles-en-nature-festival-de-la-biodiversite\/","name":"\u00c9coles en nature - Festival de la biodiversit\u00e9 - Museo del Cavallino della Giara","isPartOf":{"@id":"https:\/\/museocavallinodellagiara.it\/#website"},"primaryImageOfPage":{"@id":"https:\/\/museocavallinodellagiara.it\/fr\/event\/ecoles-en-nature-festival-de-la-biodiversite\/#primaryimage"},"image":{"@id":"https:\/\/museocavallinodellagiara.it\/fr\/event\/ecoles-en-nature-festival-de-la-biodiversite\/#primaryimage"},"thumbnailUrl":"https:\/\/museocavallinodellagiara.it\/wp-content\/uploads\/2025\/05\/locandina-06-giugno-2025-min-1.jpg","datePublished":"2025-05-30T08:20:01+00:00","description":"Deux jours d\u00e9di\u00e9s \u00e0 l'environnement, \u00e0 la d\u00e9couverte et \u00e0 l'amusement, con\u00e7us pour les enfants et les jeunes de tous \u00e2ges.","breadcrumb":{"@id":"https:\/\/museocavallinodellagiara.it\/fr\/event\/ecoles-en-nature-festival-de-la-biodiversite\/#breadcrumb"},"inLanguage":"fr-FR","potentialAction":[{"@type":"ReadAction","target":["https:\/\/museocavallinodellagiara.it\/fr\/event\/ecoles-en-nature-festival-de-la-biodiversite\/"]}]},{"@type":"ImageObject","inLanguage":"fr-FR","@id":"https:\/\/museocavallinodellagiara.it\/fr\/event\/ecoles-en-nature-festival-de-la-biodiversite\/#primaryimage","url":"https:\/\/museocavallinodellagiara.it\/wp-content\/uploads\/2025\/05\/locandina-06-giugno-2025-min-1.jpg","contentUrl":"https:\/\/museocavallinodellagiara.it\/wp-content\/uploads\/2025\/05\/locandina-06-giugno-2025-min-1.jpg","width":842,"height":1191,"caption":"Scuole in Natura - Festa della Biodiversit\u00e0"},{"@type":"BreadcrumbList","@id":"https:\/\/museocavallinodellagiara.it\/fr\/event\/ecoles-en-nature-festival-de-la-biodiversite\/#breadcrumb","itemListElement":[{"@type":"ListItem","position":1,"name":"Home","item":"https:\/\/museocavallinodellagiara.it\/fr\/"},{"@type":"ListItem","position":2,"name":"Eventi","item":"https:\/\/museocavallinodellagiara.it\/events\/"},{"@type":"ListItem","position":3,"name":"\u00c9coles en nature &#8211; Festival de la biodiversit\u00e9"}]},{"@type":"WebSite","@id":"https:\/\/museocavallinodellagiara.it\/#website","url":"https:\/\/museocavallinodellagiara.it\/","name":"Museo del Cavallino della Giara","description":"Il museo dedicato al cavallo e al Parco della Giara","publisher":{"@id":"https:\/\/museocavallinodellagiara.it\/#organization"},"potentialAction":[{"@type":"SearchAction","target":{"@type":"EntryPoint","urlTemplate":"https:\/\/museocavallinodellagiara.it\/?s={search_term_string}"},"query-input":{"@type":"PropertyValueSpecification","valueRequired":true,"valueName":"search_term_string"}}],"inLanguage":"fr-FR"},{"@type":"Organization","@id":"https:\/\/museocavallinodellagiara.it\/#organization","name":"Museo del Cavallino della Giara","url":"https:\/\/museocavallinodellagiara.it\/","logo":{"@type":"ImageObject","inLanguage":"fr-FR","@id":"https:\/\/museocavallinodellagiara.it\/#\/schema\/logo\/image\/","url":"https:\/\/museocavallinodellagiara.it\/wp-content\/uploads\/2018\/01\/logo_cavallino.png","contentUrl":"https:\/\/museocavallinodellagiara.it\/wp-content\/uploads\/2018\/01\/logo_cavallino.png","width":606,"height":739,"caption":"Museo del Cavallino della Giara"},"image":{"@id":"https:\/\/museocavallinodellagiara.it\/#\/schema\/logo\/image\/"},"sameAs":["https:\/\/business.facebook.com\/parcgenoni\/","https:\/\/www.youtube.com\/user\/ParcGenoni"]}]}},"_links":{"self":[{"href":"https:\/\/museocavallinodellagiara.it\/fr\/wp-json\/wp\/v2\/tribe_events\/5794","targetHints":{"allow":["GET"]}}],"collection":[{"href":"https:\/\/museocavallinodellagiara.it\/fr\/wp-json\/wp\/v2\/tribe_events"}],"about":[{"href":"https:\/\/museocavallinodellagiara.it\/fr\/wp-json\/wp\/v2\/types\/tribe_events"}],"author":[{"embeddable":true,"href":"https:\/\/museocavallinodellagiara.it\/fr\/wp-json\/wp\/v2\/users\/1"}],"version-history":[{"count":0,"href":"https:\/\/museocavallinodellagiara.it\/fr\/wp-json\/wp\/v2\/tribe_events\/5794\/revisions"}],"wp:featuredmedia":[{"embeddable":true,"href":"https:\/\/museocavallinodellagiara.it\/fr\/wp-json\/wp\/v2\/media\/5790"}],"wp:attachment":[{"href":"https:\/\/museocavallinodellagiara.it\/fr\/wp-json\/wp\/v2\/media?parent=5794"}],"wp:term":[{"taxonomy":"post_tag","embeddable":true,"href":"https:\/\/museocavallinodellagiara.it\/fr\/wp-json\/wp\/v2\/tags?post=5794"},{"taxonomy":"tribe_events_cat","embeddable":true,"href":"https:\/\/museocavallinodellagiara.it\/fr\/wp-json\/wp\/v2\/tribe_events_cat?post=5794"}],"curies":[{"name":"wp","href":"https:\/\/api.w.org\/{rel}","templated":true}]}}